{"id":114,"date":"2018-02-10T00:51:09","date_gmt":"2018-02-09T23:51:09","guid":{"rendered":"http:\/\/saint-remy-chevreuse-tt.fr\/?page_id=114"},"modified":"2024-08-06T12:10:01","modified_gmt":"2024-08-06T10:10:01","slug":"bureau","status":"publish","type":"page","link":"https:\/\/saint-remy-chevreuse-tt.fr\/index.php\/bureau\/","title":{"rendered":"Comit\u00e9 de direction"},"content":{"rendered":"\t\t<div data-elementor-type=\"wp-post\" data-elementor-id=\"114\" class=\"elementor elementor-114\">\n\t\t\t\t\t\t<section class=\"elementor-section elementor-top-section elementor-element elementor-element-515b7107 elementor-section-boxed elementor-section-height-default elementor-section-height-default\" data-id=\"515b7107\" data-element_type=\"section\">\n\t\t\t\t\t\t<div class=\"elementor-container elementor-column-gap-default\">\n\t\t\t\t\t<div class=\"elementor-column elementor-col-100 elementor-top-column elementor-element elementor-element-1542a63d\" data-id=\"1542a63d\" data-element_type=\"column\">\n\t\t\t<div class=\"elementor-widget-wrap elementor-element-populated\">\n\t\t\t\t\t\t<div class=\"elementor-element elementor-element-5eac04eb elementor-widget elementor-widget-text-editor\" data-id=\"5eac04eb\" data-element_type=\"widget\" data-widget_type=\"text-editor.default\">\n\t\t\t\t<div class=\"elementor-widget-container\">\n\t\t\t\t\t\t\t<header><h1>Dirigeants<\/h1><\/header><div><p><a href=\"https:\/\/i0.wp.com\/saint-remy-chevreuse-tt.fr\/wp-content\/uploads\/2021\/05\/Logo-SRCTT-2021-Final.jpg\"><img decoding=\"async\" data-recalc-dims=\"1\" src=\"https:\/\/i0.wp.com\/saint-remy-chevreuse-tt.fr\/wp-content\/uploads\/2021\/05\/Logo-SRCTT-2021-Final.jpg?resize=150%2C150\" alt=\"\" width=\"150\" height=\"150\" \/><\/a>Le comit\u00e9 de direction de Saint-R\u00e9my-Chevreuse Tennis de Table est compos\u00e9 de 7 membres, plus les capitaines d&rsquo;\u00e9quipe. Il a \u00e9t\u00e9 renouvel\u00e9 au cours de l\u2019Assembl\u00e9e G\u00e9n\u00e9rale.<\/p><p>La r\u00e9partition des r\u00f4les et des fonctions au sein du bureau a \u00e9t\u00e9 \u00e9tablie.<\/p><h2>Composition du comit\u00e9 de direction<\/h2><table style=\"width: 100%; height: 322px;\"><tbody><tr style=\"height: 26px;\"><td style=\"height: 26px; width: 50%;\" bgcolor=\"#ff7f00\" width=\"50%\"><span style=\"color: #000000;\"><b>Fonction<\/b><\/span><\/td><td style=\"height: 26px; width: 50%;\" bgcolor=\"#ff7f00\" width=\"50%\"><span style=\"color: #000000;\"><b>Nom<\/b><\/span><\/td><\/tr><tr style=\"height: 26px;\"><td style=\"height: 26px; width: 50%;\"><span style=\"color: #000000;\">Pr\u00e9sident<\/span><\/td><td style=\"height: 26px; width: 50%;\"><span style=\"color: #000000;\">Marc VILLEROY<\/span><\/td><\/tr><tr style=\"height: 26px;\"><td style=\"height: 26px; width: 50%;\"><span style=\"color: #000000;\">Secr\u00e9taire<\/span><\/td><td style=\"height: 26px; width: 50%;\"><span style=\"color: #000000;\">Cyril SCH\u00c4FER<br \/><\/span><\/td><\/tr><tr style=\"height: 26px;\"><td style=\"height: 26px; width: 50%;\"><span style=\"color: #000000;\">Tr\u00e9sorier<\/span><\/td><td style=\"height: 26px; width: 50%;\"><span style=\"color: #000000;\">Yann LEGROS<br \/><\/span><\/td><\/tr><tr style=\"height: 44px;\"><td style=\"height: 44px; width: 50%;\"><span style=\"color: #333333;\">Directeur Sportif<\/span><\/td><td style=\"height: 44px; width: 50%;\"><span style=\"color: #333333;\">Didier THIERY<\/span><\/td><\/tr><tr><td style=\"width: 50%;\"><span style=\"color: #333333;\">Vice-Pr\u00e9sident<\/span><\/td><td style=\"width: 50%;\"><span style=\"color: #333333;\">Bernard FROIDUROT<\/span><\/td><\/tr><tr style=\"height: 26px;\"><td style=\"height: 26px; width: 50%;\"><span style=\"color: #000000;\">Secr\u00e9taire-Adjoint<\/span><\/td><td style=\"height: 26px; width: 50%;\"><span style=\"color: #000000;\">Alain BARLIER<\/span><\/td><\/tr><tr style=\"height: 44px;\"><td style=\"height: 44px; width: 50%;\"><span style=\"color: #000000;\">Responsable Jeunes<\/span><\/td><td style=\"height: 44px; width: 50%;\"><span style=\"color: #000000;\">Eric PAIN<\/span><\/td><\/tr><tr style=\"height: 26px;\"><td style=\"height: 26px; width: 50%;\"><span style=\"color: #000000;\">Responsable Communication<br \/><\/span><\/td><td style=\"height: 26px; width: 50%;\"><span style=\"color: #000000;\">Matthieu ANTOINE <\/span><\/td><\/tr><tr style=\"height: 26px;\"><td style=\"height: 26px; width: 50%;\">Membres<\/td><td style=\"height: 26px; width: 50%;\">Les Capitaines d&rsquo;Equipes<\/td><\/tr><\/tbody><\/table><h2>Organisation du club<\/h2><table><tbody><tr><td bgcolor=\"#ff7f00\" width=\"30%\"><span style=\"color: #000000;\"><b>Secteur<\/b><\/span><\/td><td bgcolor=\"#ff7f00\" width=\"70%\"><span style=\"color: #000000;\"><b>Responsable(s)<\/b><\/span><\/td><\/tr><tr><td><span style=\"color: #000000;\">Responsable Technique<\/span><\/td><td><span style=\"color: #000000;\">Didier Thiery<\/span><\/td><\/tr><tr><td><span style=\"color: #000000;\">Relations ext\u00e9rieures<\/span><\/td><td><span style=\"color: #000000;\"> Marc VILLEROY \/ Didier THIERY<br \/><\/span><\/td><\/tr><tr><td><span style=\"color: #000000;\">Site Internet et R\u00e9seaux <\/span><\/td><td><span style=\"color: #000000;\">Marc VILLEROY \/ Matthieu ANTOINE<br \/><\/span><\/td><\/tr><tr><td><span style=\"color: #333333;\">Responsable Jeunes<br \/><\/span><\/td><td><span style=\"color: #000000;\">Eric PAIN<br \/><\/span><\/td><\/tr><tr><td>\u00a0<\/td><td>\u00a0<\/td><\/tr><\/tbody><\/table><h2>R\u00f4le des membres du bureau<\/h2><ul><li><h4><b>Le Pr\u00e9sident<\/b><\/h4><\/li><\/ul><p>Il est charg\u00e9 des formalit\u00e9s administratives de l\u2019association\u00a0:<\/p><ul><li>repr\u00e9sente l\u2019association aupr\u00e8s des administrations, des partenaires et du public,<\/li><li>repr\u00e9sente l\u2019association en justice,<\/li><li>dirige l\u2019association en signant les contrats,<\/li><li>convoque et pr\u00e9side le bureau et le conseil d\u2019administration,<\/li><li>pr\u00e9side aussi les assembl\u00e9es g\u00e9n\u00e9rales,<\/li><li>dispose de l\u2019initiative des r\u00e9unions des organes et de la ma\u00eetrise des ordres du jour.<\/li><\/ul><ul><li><h4><b>Le\u00a0Secr\u00e9taire<\/b><\/h4><\/li><\/ul><p>Il est charg\u00e9 des formalit\u00e9s administratives de l\u2019association\u00a0:<\/p><ul><li>envoi des convocations aux r\u00e9unions,<\/li><li>r\u00e9daction des proc\u00e8s-verbaux,<\/li><li>tenue des registres de l\u2019association,<\/li><li>r\u00e9daction des courriers de l\u2019association,<\/li><li>constitution des dossiers de demandes d\u2019autorisations, de subventions, d\u2019agr\u00e9ment.<\/li><\/ul><ul><li><h4><b>Le\u00a0Tr\u00e9sorier<\/b><\/h4><\/li><\/ul><p>Le tr\u00e9sorier est le responsable financier de l\u2019association, il est en charge\u00a0:<\/p><ul><li>de la gestion des recettes de l\u2019association\u00a0: cotisations, subventions, dons,<\/li><li>du paiement des factures, salaires et remboursement de frais,<\/li><li>de la gestion des comptes de l\u2019association,<\/li><li>de la tenue de la comptabilit\u00e9,<\/li><li>de la r\u00e9daction de la partie financi\u00e8re du rapport moral et financier lu en assembl\u00e9e g\u00e9n\u00e9rale.<\/li><\/ul><p>Pour plus de d\u00e9tails, vous pouvez vous r\u00e9f\u00e9rer au texte de r\u00e9f\u00e9rence : <a title=\"Loi du 1er juillet 1901\" href=\"http:\/\/www.legifrance.gouv.fr\/affichTexte.do?cidTexte=LEGITEXT000006069570&amp;dateTexte=20090506\" target=\"_blank\" rel=\"noopener\">Loi du 1er juillet 1901<\/a><\/p><\/div>\t\t\t\t\t\t<\/div>\n\t\t\t\t<\/div>\n\t\t\t\t\t<\/div>\n\t\t<\/div>\n\t\t\t\t\t<\/div>\n\t\t<\/section>\n\t\t\t\t<\/div>\n\t\t","protected":false},"excerpt":{"rendered":"<p>Dirigeants Le comit\u00e9 de direction de Saint-R\u00e9my-Chevreuse Tennis de Table est compos\u00e9 de 7 membres, plus les capitaines d&rsquo;\u00e9quipe. Il a \u00e9t\u00e9 renouvel\u00e9 au cours de l\u2019Assembl\u00e9e G\u00e9n\u00e9rale. La r\u00e9partition des r\u00f4les et des fonctions au sein du bureau a \u00e9t\u00e9 \u00e9tablie. Composition du comit\u00e9 de direction Fonction Nom Pr\u00e9sident Marc VILLEROY Secr\u00e9taire Cyril SCH\u00c4FER [&hellip;]<\/p>\n","protected":false},"author":1,"featured_media":0,"parent":0,"menu_order":0,"comment_status":"closed","ping_status":"closed","template":"","meta":{"footnotes":""},"class_list":["post-114","page","type-page","status-publish","hentry"],"aioseo_notices":[],"jetpack_sharing_enabled":true,"jetpack_shortlink":"https:\/\/wp.me\/P9Eq5I-1Q","jetpack_likes_enabled":false,"jetpack-related-posts":[],"post_mailing_queue_ids":[],"_links":{"self":[{"href":"https:\/\/saint-remy-chevreuse-tt.fr\/index.php\/wp-json\/wp\/v2\/pages\/114"}],"collection":[{"href":"https:\/\/saint-remy-chevreuse-tt.fr\/index.php\/wp-json\/wp\/v2\/pages"}],"about":[{"href":"https:\/\/saint-remy-chevreuse-tt.fr\/index.php\/wp-json\/wp\/v2\/types\/page"}],"author":[{"embeddable":true,"href":"https:\/\/saint-remy-chevreuse-tt.fr\/index.php\/wp-json\/wp\/v2\/users\/1"}],"replies":[{"embeddable":true,"href":"https:\/\/saint-remy-chevreuse-tt.fr\/index.php\/wp-json\/wp\/v2\/comments?post=114"}],"version-history":[{"count":24,"href":"https:\/\/saint-remy-chevreuse-tt.fr\/index.php\/wp-json\/wp\/v2\/pages\/114\/revisions"}],"predecessor-version":[{"id":3042,"href":"https:\/\/saint-remy-chevreuse-tt.fr\/index.php\/wp-json\/wp\/v2\/pages\/114\/revisions\/3042"}],"wp:attachment":[{"href":"https:\/\/saint-remy-chevreuse-tt.fr\/index.php\/wp-json\/wp\/v2\/media?parent=114"}],"curies":[{"name":"wp","href":"https:\/\/api.w.org\/{rel}","templated":true}]}}